{"id":57368,"date":"2018-08-07T23:06:53","date_gmt":"2018-08-07T21:06:53","guid":{"rendered":"https:\/\/terra-bratislava.sk\/product\/irodalom-tankonyv-a-gimnaziumok-es-szakkozepiskolak-2-osztalya-szamara-i-resz\/"},"modified":"2021-10-20T10:41:11","modified_gmt":"2021-10-20T08:41:11","slug":"irodalom-tankonyv-a-gimnaziumok-es-szakkozepiskolak-2-osztalya-szamara-i-resz","status":"publish","type":"product","link":"https:\/\/terra-bratislava.sk\/sk\/produkt\/irodalom-tankonyv-a-gimnaziumok-es-szakkozepiskolak-2-osztalya-szamara-i-resz\/","title":{"rendered":"Literat\u00fara- U\u010debnica pre 2.ro\u010dn\u00edk gymn\u00e1zi\u00ed a stredn\u00fdch odborn\u00fdch \u0161k\u00f4l-I.\u010das\u0165"},"content":{"rendered":"<p>U\u010debnica svojou formou u\u013eah\u010duje pr\u00e1cu s \u0148ou. Vonkaj\u0161ia strana jednotliv\u00fdch str\u00e1nok sl\u00fa\u017ei na vyma\u013eovanie u\u010debnej l\u00e1tky, aby bola zauj\u00edmavej\u0161ia a zrozumite\u013enej\u0161ia. Nach\u00e1dzaj\u00fa sa tam obr\u00e1zky, pozn\u00e1mky s\u00favisiace s danou \u010das\u0165ou materi\u00e1lu, ktor\u00e9 maj\u00fa \u010dasto retrospekt\u00edvny charakter, a tak pom\u00e1haj\u00fa lep\u0161ie porozumie\u0165 u\u010divu a rozpozna\u0165 s\u00favislosti. Obr\u00e1zky s\u00fa primeran\u00e9 pr\u00edslu\u0161n\u00e9mu obdobiu, poskytuj\u00fa dobr\u00fa predstavu o sp\u00f4sobe myslenia tej-ktorej doby a m\u00f4\u017eu \u017eiakovi pom\u00f4c\u0165 porozumie\u0165 d\u00f4vodom a hybn\u00fdm sil\u00e1m, ktor\u00e9 videli k ur\u010dit\u00fdm rozhodnutiam a soci\u00e1lnym krokom prijat\u00fdm v predmetnom obdob\u00ed. V knihe s\u00fa pou\u017eit\u00e9 aj niektor\u00e9 v\u00fdrazy, ktor\u00e9 mo\u017eno bude potrebn\u00e9 vysvetli\u0165. Ke\u010f\u017ee autori nechceli preru\u0161i\u0165 kontinuitu textov, tieto v\u00fdrazy boli ozna\u010den\u00e9 hviezdi\u010dkou, zauj\u00edmavej\u0161ie s\u00favislosti, ktor\u00e9 maj\u00fa iba informat\u00edvny charakter, sa tie\u017e nach\u00e1dzaj\u00fa na vonkaj\u0161ej strane u\u010debnice. <\/p>\n","protected":false},"excerpt":{"rendered":"<p>U\u010debnica svojou formou u\u013eah\u010duje pr\u00e1cu s \u0148ou. Vonkaj\u0161ia strana jednotliv\u00fdch str\u00e1nok sl\u00fa\u017ei na vyma\u013eovanie u\u010debnej l\u00e1tky, aby bola zauj\u00edmavej\u0161ia a zrozumite\u013enej\u0161ia. Nach\u00e1dzaj\u00fa sa tam obr\u00e1zky, pozn\u00e1mky s\u00favisiace s danou \u010das\u0165ou materi\u00e1lu, ktor\u00e9 maj\u00fa \u010dasto retrospekt\u00edvny charakter, a tak pom\u00e1haj\u00fa lep\u0161ie porozumie\u0165 u\u010divu a rozpozna\u0165 s\u00favislosti. Obr\u00e1zky s\u00fa primeran\u00e9 pr\u00edslu\u0161n\u00e9mu obdobiu, poskytuj\u00fa dobr\u00fa predstavu o sp\u00f4sobe myslenia tej-ktorej doby a m\u00f4\u017eu \u017eiakovi pom\u00f4c\u0165 porozumie\u0165 d\u00f4vodom a hybn\u00fdm sil\u00e1m, ktor\u00e9 videli k ur\u010dit\u00fdm rozhodnutiam a soci\u00e1lnym krokom prijat\u00fdm v predmetnom obdob\u00ed. V knihe s\u00fa pou\u017eit\u00e9 aj niektor\u00e9 v\u00fdrazy, ktor\u00e9 mo\u017eno bude potrebn\u00e9 vysvetli\u0165. Ke\u010f\u017ee autori nechceli preru\u0161i\u0165 kontinuitu textov, tieto v\u00fdrazy boli ozna\u010den\u00e9 hviezdi\u010dkou, zauj\u00edmavej\u0161ie s\u00favislosti, ktor\u00e9 maj\u00fa iba informat\u00edvny charakter, sa tie\u017e nach\u00e1dzaj\u00fa na vonkaj\u0161ej strane u\u010debnice. <\/p>\n","protected":false},"featured_media":2962,"template":"","meta":[],"product_cat":[320,316,321,315,291],"product_tag":[],"_links":{"self":[{"href":"https:\/\/terra-bratislava.sk\/sk\/wp-json\/wp\/v2\/product\/57368"}],"collection":[{"href":"https:\/\/terra-bratislava.sk\/sk\/wp-json\/wp\/v2\/product"}],"about":[{"href":"https:\/\/terra-bratislava.sk\/sk\/wp-json\/wp\/v2\/types\/product"}],"wp:featuredmedia":[{"embeddable":true,"href":"https:\/\/terra-bratislava.sk\/sk\/wp-json\/wp\/v2\/media\/2962"}],"wp:attachment":[{"href":"https:\/\/terra-bratislava.sk\/sk\/wp-json\/wp\/v2\/media?parent=57368"}],"wp:term":[{"taxonomy":"product_cat","embeddable":true,"href":"https:\/\/terra-bratislava.sk\/sk\/wp-json\/wp\/v2\/product_cat?post=57368"},{"taxonomy":"product_tag","embeddable":true,"href":"https:\/\/terra-bratislava.sk\/sk\/wp-json\/wp\/v2\/product_tag?post=57368"}],"curies":[{"name":"wp","href":"https:\/\/api.w.org\/{rel}","templated":true}]}}